{"id":589,"date":"2023-06-26T14:15:18","date_gmt":"2023-06-26T14:15:18","guid":{"rendered":"https:\/\/wpworkphy.belalumo.de\/?page_id=589"},"modified":"2023-08-03T06:58:43","modified_gmt":"2023-08-03T06:58:43","slug":"impressum","status":"publish","type":"page","link":"https:\/\/www.physiotherapie-weissensee.de\/?page_id=589","title":{"rendered":"Impressum"},"content":{"rendered":"<p>\n<style type=\"text\/css\" data-created_by=\"avia_inline_auto\" id=\"style-css-av-lioiy5ie-5f74f4d0a1f5d6978bf8079be4af929c\">\n.avia-section.av-lioiy5ie-5f74f4d0a1f5d6978bf8079be4af929c{\nmargin-top:0px;\nmargin-bottom:0px;\n}\n.avia-section.av-lioiy5ie-5f74f4d0a1f5d6978bf8079be4af929c .av-parallax .av-parallax-inner{\nbackground-repeat:no-repeat;\nbackground-image:url(https:\/\/www.physiotherapie-weissensee.de\/wp-content\/uploads\/2023\/06\/kat_sportk.jpg);\nbackground-position:50% 50%;\nbackground-attachment:scroll;\n}\n<\/style>\n<div id='id_seitentitel'  class='avia-section av-lioiy5ie-5f74f4d0a1f5d6978bf8079be4af929c main_color avia-section-no-padding avia-no-border-styling  avia-builder-el-0  el_before_av_section  avia-builder-el-first  avia-full-stretch av-parallax-section avia-bg-style-parallax av-minimum-height av-minimum-height-custom  container_wrap fullsize'  data-section-bg-repeat='stretch' data-av_minimum_height_px='300'><div class='av-parallax' data-avia-parallax-ratio='0.3' ><div class='av-parallax-inner main_color avia-full-stretch'><\/div><\/div><div class='container av-section-cont-open' style='height:300px'><main  role=\"main\" itemprop=\"mainContentOfPage\"  class='template-page content  av-content-full alpha units'><div class='post-entry post-entry-type-page post-entry-589'><div class='entry-content-wrapper clearfix'>\n\n<style type=\"text\/css\" data-created_by=\"avia_inline_auto\" id=\"style-css-av-2j52-5417c70675b38efa4f71e2deec698be5\">\n.flex_column.av-2j52-5417c70675b38efa4f71e2deec698be5{\n-webkit-transform:scale(1.5);\n-moz-transform:scale(1.5);\n-ms-transform:scale(1.5);\n-o-transform:scale(1.5);\ntransform:scale(1.5);\nz-index:5;\nposition:absolute;\nbottom:16px;\npadding:0 0 0 16%;\nbackground-color:rgba(255,255,255,0.48);\n}\n<\/style>\n<div class='flex_column av-2j52-5417c70675b38efa4f71e2deec698be5 av_one_full  avia-builder-el-1  avia-builder-el-no-sibling  first flex_column_div av-custom-positioned '     ><section  class='av_textblock_section av-lfchc8o9-116e5f0ebbdd842ad9e18e795de9e097'  itemscope=\"itemscope\" itemtype=\"https:\/\/schema.org\/CreativeWork\" ><div class='avia_textblock'  itemprop=\"text\" ><h1 class=\"post-title\">Sportkurse<\/h1>\n<div class=\"post_content\"><\/div>\n<\/div><\/section><\/div>\n<br \/>\n<\/div><\/div><\/main><!-- close content main element --><\/div><\/div><div class='clear'><\/div><div id='sub_menu1'  class='av-submenu-container av-lj4bb5hh-1ccbfd32572f2a467ab992ec33686872 header_color av-sticky-submenu container_wrap fullsize' style='z-index:301' ><div class='container av-menu-mobile-disabled av-submenu-pos-left'><ul id=\"menu-sportkurse\" class=\"av-subnav-menu\"><li role=\"menuitem\" id=\"menu-item-241\" class=\"menu-item menu-item-type-custom menu-item-object-custom menu-item-top-level menu-item-top-level-1\"><a href=\"#id_wsg\" itemprop=\"url\" tabindex=\"0\"><span class=\"avia-bullet\"><\/span><span class=\"avia-menu-text\">Wirbels\u00e4ulengymnastik<\/span><span class=\"avia-menu-fx\"><span class=\"avia-arrow-wrap\"><span class=\"avia-arrow\"><\/span><\/span><\/span><\/a><\/li>\n<li role=\"menuitem\" id=\"menu-item-242\" class=\"menu-item menu-item-type-custom menu-item-object-custom menu-item-top-level menu-item-top-level-2\"><a href=\"#id_slings\" itemprop=\"url\" tabindex=\"0\"><span class=\"avia-bullet\"><\/span><span class=\"avia-menu-text\">Fascia Movement<\/span><span class=\"avia-menu-fx\"><span class=\"avia-arrow-wrap\"><span class=\"avia-arrow\"><\/span><\/span><\/span><\/a><\/li>\n<li role=\"menuitem\" id=\"menu-item-243\" class=\"menu-item menu-item-type-custom menu-item-object-custom menu-item-top-level menu-item-top-level-3\"><a href=\"#id_aroha\" itemprop=\"url\" tabindex=\"0\"><span class=\"avia-bullet\"><\/span><span class=\"avia-menu-text\">AROHA\u00ae<\/span><span class=\"avia-menu-fx\"><span class=\"avia-arrow-wrap\"><span class=\"avia-arrow\"><\/span><\/span><\/span><\/a><\/li>\n<li role=\"menuitem\" id=\"menu-item-244\" class=\"menu-item menu-item-type-custom menu-item-object-custom menu-item-top-level menu-item-top-level-4\"><a href=\"#id_kaha\" itemprop=\"url\" tabindex=\"0\"><span class=\"avia-bullet\"><\/span><span class=\"avia-menu-text\">KAHA\u00ae<\/span><span class=\"avia-menu-fx\"><span class=\"avia-arrow-wrap\"><span class=\"avia-arrow\"><\/span><\/span><\/span><\/a><\/li>\n<li role=\"menuitem\" id=\"menu-item-245\" class=\"menu-item menu-item-type-custom menu-item-object-custom menu-item-top-level menu-item-top-level-5\"><a href=\"#id_kurstermine\" itemprop=\"url\" tabindex=\"0\"><span class=\"avia-bullet\"><\/span><span class=\"avia-menu-text\">Alle Kurstermine im \u00dcberblick<\/span><span class=\"avia-menu-fx\"><span class=\"avia-arrow-wrap\"><span class=\"avia-arrow\"><\/span><\/span><\/span><\/a><\/li>\n<li role=\"menuitem\" id=\"menu-item-453\" class=\"menu-item menu-item-type-custom menu-item-object-custom menu-item-top-level menu-item-top-level-6\"><a href=\"#id_preise\" itemprop=\"url\" tabindex=\"0\"><span class=\"avia-bullet\"><\/span><span class=\"avia-menu-text\">Kursgeb\u00fchren und Anmeldung<\/span><span class=\"avia-menu-fx\"><span class=\"avia-arrow-wrap\"><span class=\"avia-arrow\"><\/span><\/span><\/span><\/a><\/li>\n<\/ul><\/div><\/div><div class='sticky_placeholder'><\/div><br \/>\n<\/div><\/div><\/div><!-- close content main div --><\/div><\/div>\n<style type=\"text\/css\" data-created_by=\"avia_inline_auto\" id=\"style-css-av-liup0jho-2b43782dda3054f64d8f3adaee218dcf\">\n.avia-section.av-liup0jho-2b43782dda3054f64d8f3adaee218dcf{\nmargin-top:0px;\nmargin-bottom:0px;\n}\n<\/style>\n<div id='id_wsg'  class='avia-section av-liup0jho-2b43782dda3054f64d8f3adaee218dcf alternate_color avia-section-default avia-no-border-styling  avia-builder-el-3  el_after_av_section  el_before_av_section  avia-bg-style-scroll container_wrap fullsize'  ><div class='container av-section-cont-open' ><div class='template-page content  av-content-full alpha units'><div class='post-entry post-entry-type-page post-entry-589'><div class='entry-content-wrapper clearfix'>\n\n<style type=\"text\/css\" data-created_by=\"avia_inline_auto\" id=\"style-css-av-liuotepc-cf5d00a741bfc53ae3c3c710b246d203\">\n.flex_column.av-liuotepc-cf5d00a741bfc53ae3c3c710b246d203{\npadding:0 0 0 0;\n}\n<\/style>\n<div class='flex_column av-liuotepc-cf5d00a741bfc53ae3c3c710b246d203 av_one_full  avia-builder-el-4  avia-builder-el-no-sibling  first flex_column_div '     ><section  class='av_textblock_section av-liuhje4e-9464c01b3362731408919d3ede6dd16b'  itemscope=\"itemscope\" itemtype=\"https:\/\/schema.org\/CreativeWork\" ><div class='avia_textblock'  itemprop=\"text\" ><h2>Wirbels\u00e4ulengymnastik<\/h2>\n<p>Das Trainingsprogramm orientiert sich an den aktuellen sportmedizinischen Trends.<br \/>\nZiel des \u00dcbungsprogramms ist es, den K\u00f6rper fit f\u00fcr den Alltag zu trainieren.<br \/>\nDie Schwerpunkte der \u00dcbungsstunde liegen in:<br \/>\n\u2013 Verbesserung der K\u00f6rperwahrnehmung<br \/>\n\u2013 Aufbau der Muskelkraft, insbesondere Finetuning der Haltemuskulatur<br \/>\n\u2013 Verbesserung der Muskeldynamik<br \/>\n\u2013 Balancetraining zur funktionellen Unterst\u00fctzung des Halteapparates<br \/>\n\u2013 Dehnung und Entspannungs\u00fcbungen zur Unterst\u00fctzung des Wohlbefindens<br \/>\n\u2013 Erweiterung des Programms durch Pilates-Methode<br \/>\n\u2013 die Bewegungsideen und Sequenzen des Slings Myofasziales Training\u00ae (Faszientraining) sind zunehmender Bestandteil des Kurses. Die Kursleiter haben zusammen umfangreiche aktuellen Fortbildungen zu diesem Thema absolviert. (Slings\u00ae Myofasziales Training)<br \/>\nIn diesem Kurs erlernen Sie r\u00fcckenfreundliche \u00dcbungen zur Mobilisation, Kr\u00e4ftigung und sanfter Dehnung speziell f\u00fcr die Wirbels\u00e4ule. Unter fachlicher Anleitung in kleinen \u00dcbungsgruppen machen wir unseren R\u00fccken fit f\u00fcr die Belastungen im Alltag. Aus den praktischen Erfahrungen der Kursleiter durch die physiotherapeutische Arbeit am Patienten legen wir sehr gro\u00dfen Wert auf physiologisches Bewegungsverhalten. Die meisten erlernten \u00dcbungen k\u00f6nnen auch zu Hause durchgef\u00fchrt werden.<br \/>\nDieser Kurs eignet sich auch f\u00fcr Teilnehmer, die nach langer Pause die Freude an der Bewegung wiederentdecken m\u00f6chten.<br \/>\nDie Qualifikation der Kursleitung wurde von der Zentralen Pr\u00fcfstelle f\u00fcr Pr\u00e4vention zertifiziert. Somit besteht die M\u00f6glichkeit, die Kursgeb\u00fchr von der gesetzlichen Krankenkasse bis zu 100% r\u00fcckerstattet zu bekommen. Bitte informieren Sie sich vor Kursbeginn \u00fcber diese M\u00f6glichkeit bei Ihrer gesetzlichen Krankenkasse.<br \/>\nFachliche Leitung: Heike Priese-Schwarz, Diplom-Physiotherapeutin (FH)<\/p>\n<\/div><\/section><\/div><\/div><\/div><\/div><!-- close content main div --><\/div><\/div>\n<style type=\"text\/css\" data-created_by=\"avia_inline_auto\" id=\"style-css-av-lj58lnrc-dc784d9ca4978697add7c54bf25b4fe5\">\n.avia-section.av-lj58lnrc-dc784d9ca4978697add7c54bf25b4fe5{\nbackground-color:#9e8280;\nbackground-image:unset;\n}\n<\/style>\n<div id='av_section_3'  class='avia-section av-lj58lnrc-dc784d9ca4978697add7c54bf25b4fe5 main_color avia-section-default avia-no-border-styling  avia-builder-el-6  el_after_av_section  el_before_av_section  avia-bg-style-scroll container_wrap fullsize'  ><div class='container av-section-cont-open' ><div class='template-page content  av-content-full alpha units'><div class='post-entry post-entry-type-page post-entry-589'><div class='entry-content-wrapper clearfix'>\n<div class='flex_column av-lj58orri-2a34d20ea7a94aa32f5037632750e164 av_one_fourth first flex_column_div '     ><style type=\"text\/css\" data-created_by=\"avia_inline_auto\" id=\"style-css-av-lj58awbp-ea5c3a8b921f0e400d250760135d11c3\">\n#top .av_textblock_section.av-lj58awbp-ea5c3a8b921f0e400d250760135d11c3 .avia_textblock{\nfont-size:22px;\ncolor:#f8f8f8;\n}\n<\/style>\n<section  class='av_textblock_section av-lj58awbp-ea5c3a8b921f0e400d250760135d11c3'  itemscope=\"itemscope\" itemtype=\"https:\/\/schema.org\/CreativeWork\" ><div class='avia_textblock av_inherit_color'  itemprop=\"text\" ><p style=\"text-align: center;\">\n<blockquote>\n<p>Wirbels\u00e4ulengymnastik<\/p>\n<\/blockquote>\n<\/div><\/section><\/div>\n<style type=\"text\/css\" data-created_by=\"avia_inline_auto\" id=\"style-css-av-lj4k3bhu-668974d561551ee66fb2bc3a5e071fa6\">\n.flex_column.av-lj4k3bhu-668974d561551ee66fb2bc3a5e071fa6{\npadding:0 0 0 0;\n}\n<\/style>\n<div class='flex_column av-lj4k3bhu-668974d561551ee66fb2bc3a5e071fa6 av_three_fourth flex_column_div '     id=\"id_kurse_wsg\"  ><div  class='avia-table av-4hgpw4-545fce2a3f896990c9980c0555fe2bc3 main_color avia-pricing-table-container avia_pricing_default avia-table-1'  itemscope=\"itemscope\" itemtype=\"https:\/\/schema.org\/Table\" ><div class=\"pricing-table-wrap\"><ul class='pricing-table '><li class='avia-heading-row'><div class='first-table-item'>montags, 17.45 Uhr und 18.55 Uhr<br \/><\/div><span class='pricing-extra'><\/span><\/li><li class=''>05.06.2023 \u2022 12.06.2023 \u2022 19.06.2023 \u2022 26.06.2023 \u2022<br \/>\n03.07.2023 \u2022 10.07.2023 \u2022 17.07.2023 \u2022 24.07.2023<\/li><li class=''>55-60 min Pr\u00e4senztraining mit Thomas H\u00e4usler, Sophie Drittler<\/li><\/ul><\/div><div class=\"pricing-table-wrap\"><ul class='pricing-table '><li class='avia-heading-row'><div class='first-table-item'>dienstags, 18.00 Uhr<\/div><span class='pricing-extra'><\/span><\/li><li class=''>06.06.2023 \u2022 13.06.2023 \u2022 20.06.2023 \u2022 27.06.2023 \u2022<br \/>\n04.07.2023 \u2022 11.07.2023 \u2022 18.07.2023 \u2022 25.07.2023<\/li><li class=''>55-60 min Pr\u00e4senztraining mit Heike Priese-Schwarz)<\/li><\/ul><\/div><\/div><\/div><\/div><\/div><\/div><!-- close content main div --><\/div><\/div>\n<style type=\"text\/css\" data-created_by=\"avia_inline_auto\" id=\"style-css-av-liuou0yg-e4b09cac685c5da800d8fd91129eb7e2\">\n.avia-section.av-liuou0yg-e4b09cac685c5da800d8fd91129eb7e2{\nmargin-top:0px;\nmargin-bottom:0px;\n}\n<\/style>\n<div id='id_slings'  class='avia-section av-liuou0yg-e4b09cac685c5da800d8fd91129eb7e2 main_color avia-section-default avia-no-border-styling avia-bg-style-scroll container_wrap fullsize'  ><div class='container av-section-cont-open' ><div class='template-page content  av-content-full alpha units'><div class='post-entry post-entry-type-page post-entry-589'><div class='entry-content-wrapper clearfix'>\n<div class='flex_column av-13rdhw-e6a45d6c6ffa6000685e161893d5c2d7 av_one_full  avia-builder-el-7  avia-builder-el-no-sibling  first flex_column_div '     ><section  class='av_textblock_section av-lj4eczn5-ddba58758b61b6aa0810aa372fb62b54'  itemscope=\"itemscope\" itemtype=\"https:\/\/schema.org\/CreativeWork\" ><div class='avia_textblock'  itemprop=\"text\" ><h2>Slings Myofasziales Training\u00ae<\/h2>\n<p>Fit durch Bewegung- Faszienfitness<br \/>\nDas innovative Trainingsprogramm ist von der Idee gepr\u00e4gt, sich entsprechend der von Wissenschaftern beschriebenen anatomischen myofaszialen Zuglinien effizient und multidimensional zu bewegen.<br \/>\nEs werden myofasziale Qualit\u00e4ten, wie z.B. Elastizit\u00e4t, Spannkraft, Anpassungsf\u00e4higkeit, Tonusregulation und kin\u00e4sthetische Intelligenz gef\u00f6rdert und k\u00f6rpereigene Ressourcen genutzt.<br \/>\nZiel ist es, die K\u00f6rperhaltung auszubalancieren, ergonomische Alltagsbewegungen zu f\u00f6rdern sowie sportliche Leistungen, Widerstandskraft und K\u00f6rperwahrnehmung zu verbessern.<br \/>\nErfahren Sie Vitalit\u00e4t und Bewegungsfreiheit durch spezielle Trainingstechniken, wie z.B. Stabilisieren, Kr\u00e4ftigen, Spiraliges Drehen, Schmelzen. Regelm\u00e4\u00dfiges Training tr\u00e4gt zur nachhaltigen Steigerung der Bewegungsqualit\u00e4t und f\u00f6rdert die k\u00f6rperliche und geistige Gesundheit.<br \/>\nDie \u00dcbungen erlangen auch im Rahmen physiotherapeutischer Bewegungstherapie eine hohe Wertsch\u00e4tzung insbesondere durch den Zugewinn von tiefgehender Belebung und innerer St\u00e4rke.<br \/>\nSp\u00fcren Sie Energie, Bewegungsfreude und K\u00f6rpervertrauen!<br \/>\nDer Einstieg in einen laufenden Kurs ist nach Absprache m\u00f6glich.<\/p>\n<\/div><\/section><\/div>\n<br \/>\n<\/div><\/div><\/div><!-- close content main div --><\/div><\/div>\n<style type=\"text\/css\" data-created_by=\"avia_inline_auto\" id=\"style-css-av-lj4entex-74ac6546c2d2fe0d5e061485b51216c0\">\n.avia-section.av-lj4entex-74ac6546c2d2fe0d5e061485b51216c0{\nmargin-top:0px;\nmargin-bottom:0px;\n}\n<\/style>\n<div id='id_aroha'  class='avia-section av-lj4entex-74ac6546c2d2fe0d5e061485b51216c0 alternate_color avia-section-default avia-no-border-styling  avia-builder-el-9  el_after_av_section  avia-builder-el-last  avia-bg-style-scroll container_wrap fullsize'  ><div class='container av-section-cont-open' ><div class='template-page content  av-content-full alpha units'><div class='post-entry post-entry-type-page post-entry-589'><div class='entry-content-wrapper clearfix'>\n\n<style type=\"text\/css\" data-created_by=\"avia_inline_auto\" id=\"style-css-av-32lno-b37e5326fb087320a5ec793cd118221d\">\n.flex_column.av-32lno-b37e5326fb087320a5ec793cd118221d{\npadding:0 0 0 0;\n}\n<\/style>\n<div class='flex_column av-32lno-b37e5326fb087320a5ec793cd118221d av_one_full  avia-builder-el-10  avia-builder-el-no-sibling  first flex_column_div '     ><section  class='av_textblock_section av-lj4ef0t4-aaccad912e6d936c1c742bfeb3f33a07'  itemscope=\"itemscope\" itemtype=\"https:\/\/schema.org\/CreativeWork\" ><div class='avia_textblock'  itemprop=\"text\" ><h2>AROHA\u00ae<\/h2>\n<p>AROHA\u00ae ist ein von Sportwissenschaftlern, Sport\u00e4rzten und Physiotherapeuten entwickeltes effektives funktionelles Ganzk\u00f6rpertraining im \u00be Takt, das sich durch eine besondere Harmonie in den Bewegungsabl\u00e4ufen auszeichnet. Starke, kraftbetonte Abl\u00e4ufe folgen weichen Bewegungen.<br \/>\nDiese sind zwar intensiv, aber f\u00fcr die Gelenke schonend und leicht nachvollziehbar.<br \/>\nEs wird bei mittlerer Herzfrequenz trainiert, was sich positiv auf Herz und Kreislauf auswirkt und zus\u00e4tzlich die Fettverbrennung ankurbelt.<br \/>\nAROHA\u00ae ist ein sinnliches Training, das Emotionen anspricht und dem Teilnehmer gen\u00fcgend Zeit gibt, sich selbst mit allen Sinnen zu sp\u00fcren.<br \/>\nGeeignet f\u00fcr Erwachsene aller Altersgruppen, auch Sportanf\u00e4nger.<br \/>\nF\u00fcr TeilnehmerInnen, die Freude an der Bewegung haben.<br \/>\nAROHA\u00ae bietet:<br \/>\n\u2013 St\u00e4rkung des Herz-Kreislauf-Systems<br \/>\n\u2013 Verbesserter K\u00f6rperstoffwechsel und Fettverbrennung durch Ausdauertraining<br \/>\n\u2013 Kr\u00e4ftigung entscheidender Muskelgruppen<br \/>\n\u2013 Verbesserung des K\u00f6rpergef\u00fchls, der Balance und Muskelflexibilit\u00e4t<br \/>\n\u2013 Optimierung des Koordinationsverm\u00f6gens<br \/>\n\u2013 Sp\u00fcren von k\u00f6rperlicher und geistiger Kraft<br \/>\n\u2013 Stressabbau<br \/>\n\u2013 Jede Menge Spa\u00df und gute Laune!<br \/>\nDer Einstieg in einen laufenden Kurs ist nach Absprache m\u00f6glich.<br \/>\nFachliche Leitung: Heike Priese-Schwarz, Diplom-Physiotherapeutin(FH), AROHA\u00ae-Expert-Trainerin<br \/>\nInformationen im Internet zu AROHA\u00ae:<br \/>\nhttp:\/\/www.aroha-academy.de<\/p>\n<\/div><\/section><\/div>\n<br \/>\n<\/div><\/div><\/div><!-- close content main div --><\/div><\/div>\n<style type=\"text\/css\" data-created_by=\"avia_inline_auto\" id=\"style-css-av-lj4eoy2z-9268ebdfc6f61e85c8ac08fc68eb6476\">\n.avia-section.av-lj4eoy2z-9268ebdfc6f61e85c8ac08fc68eb6476{\nmargin-top:0px;\nmargin-bottom:0px;\n}\n<\/style>\n<div id='id_kaha'  class='avia-section av-lj4eoy2z-9268ebdfc6f61e85c8ac08fc68eb6476 main_color avia-section-default avia-no-border-styling avia-bg-style-scroll container_wrap fullsize'  ><div class='container av-section-cont-open' ><div class='template-page content  av-content-full alpha units'><div class='post-entry post-entry-type-page post-entry-589'><div class='entry-content-wrapper clearfix'>\n<div class='flex_column av-tebpo-2c320b84115b616099c487f21e65955f av_one_full first flex_column_div '     ><section  class='av_textblock_section av-lj4egms8-417ec64fe490ad65f5d1409ad77c8247'  itemscope=\"itemscope\" itemtype=\"https:\/\/schema.org\/CreativeWork\" ><div class='avia_textblock'  itemprop=\"text\" ><h2>Kaha\u00ae<\/h2>\n<p>Kaha\u00ae hei\u00dft \u00fcbersetzt aus der Sprache der Maori \u201eenergiegeladen\u201c. Es ist ein innovatives Bewegungsprogramm, welches von Bernhard Jakszt (Aroha-Academy) mit Unterst\u00fctzung von Physiotherapeuten und Sportwissenschaftlern entwickelt wurde.<br \/>\nDie Inspirationen zu Kaha\u00ae kommen vom Taiji, Kung Fu, dem Haka (traditionelle ausdrucksstarke Bewegungen der Ureinwohner Neuseelands) und dem klassischen Yoga.<br \/>\nDas tragende Element des Programms ist der Effekt des Bewegungsflows, der durch wundersch\u00f6ne Musik aus Neuseeland, Samoa und Hawaii unterst\u00fctzt wird.<br \/>\nDie Bewegungen wirken kr\u00e4ftigend und dehnend auf die Muskulatur und f\u00f6rdern die Mobilit\u00e4t und Balance. Aus physiotherapeutischer Sicht sind die \u00dcbungen sehr wertvoll f\u00fcr die Verbesserung der K\u00f6rperhaltung und sind ein funktionelles Training f\u00fcr die zu bew\u00e4ltigen Alltagsaktivit\u00e4ten.<br \/>\nDas Kaha\u00ae- Training f\u00f6rdert die Freude an der Bewegung und tr\u00e4gt zur inneren Ruhe und Gelassenheit bei. Es ist f\u00fcr alle Altersgruppen und Fitnesslevel geeignet.<br \/>\n\u201eKaha\u00ae macht einfach Spa\u00df\u201c<br \/>\nDer Einstieg in einen laufenden Kurs ist nach Absprache m\u00f6glich.<br \/>\nFachliche Leitung: Heike Priese-Schwarz, Diplom-Physiotherapeutin(FH), AROHA\u00ae-Expert-Trainerin, KAHA\u00ae-Trainerin<\/p>\n<\/div><\/section><\/div>\n<br \/>\n<\/div><\/div><\/div><!-- close content main div --><\/div><\/div>\n<style type=\"text\/css\" data-created_by=\"avia_inline_auto\" id=\"style-css-av-lj4jz8hi-a21b93af0df64fdc0b71c5c51e80fca2\">\n.avia-section.av-lj4jz8hi-a21b93af0df64fdc0b71c5c51e80fca2{\nmargin-top:0px;\nmargin-bottom:0px;\n}\n<\/style>\n<div id='id_kurse'  class='avia-section av-lj4jz8hi-a21b93af0df64fdc0b71c5c51e80fca2 alternate_color avia-section-default avia-no-border-styling avia-bg-style-scroll container_wrap fullsize'  ><div class='container av-section-cont-open' ><div class='template-page content  av-content-full alpha units'><div class='post-entry post-entry-type-page post-entry-589'><div class='entry-content-wrapper clearfix'>\n\n<style type=\"text\/css\" data-created_by=\"avia_inline_auto\" id=\"style-css-av-8kplo-be31d33aee2ec91b547909b8ce084f7e\">\n.flex_column.av-8kplo-be31d33aee2ec91b547909b8ce084f7e{\npadding:0 0 0 0;\n}\n<\/style>\n<div class='flex_column av-8kplo-be31d33aee2ec91b547909b8ce084f7e av_one_full first flex_column_div '     ><section  class='av_textblock_section av-lj4k08ly-bf529f54d54263e55fc67e4c2a031f1b'  itemscope=\"itemscope\" itemtype=\"https:\/\/schema.org\/CreativeWork\" ><div class='avia_textblock'  itemprop=\"text\" ><h2>Alle Kurse im \u00dcberblick<\/h2>\n<p>Anmeldung per E-Mail: <a href=\"mailto:physiopraxis@gmx.com\">physiopraxis@gmx.com<\/a><\/p>\n<\/div><\/section><\/div>\n<style type=\"text\/css\" data-created_by=\"avia_inline_auto\" id=\"style-css-av-lj4k2exf-458323ff886acae77b9b472128f3d62f\">\n.flex_column.av-lj4k2exf-458323ff886acae77b9b472128f3d62f{\npadding:0 0 0 0;\n}\n<\/style>\n<div class='flex_column av-lj4k2exf-458323ff886acae77b9b472128f3d62f av_one_full first flex_column_div '     id=\"id_kurse_wsg\"  ><div  class='avia-table av-2646lo-9339e376f4799085c6b6fd31bf941093 main_color avia-pricing-table-container avia_pricing_default avia-table-2'  itemscope=\"itemscope\" itemtype=\"https:\/\/schema.org\/Table\" ><div class=\"pricing-table-wrap\"><ul class='pricing-table '><li class='avia-heading-row'><div class='first-table-item'>Wirbels\u00e4ulengymnastik<\/div><span class='pricing-extra'><\/span><\/li><li class=' empty-table-cell'><span class='fallback-table-val'>05.06.2023       12.06.2023       19.06.2023       26.06.2023<br \/>\n03.07.2023       10.07.2023       17.07.2023       24.07.2023<\/span><\/li><li class=' empty-table-cell'><span class='fallback-table-val'>(mit Thomas H\u00e4usler, Sophie Drittler) Pr\u00e4senztraining<\/span><\/li><\/ul><\/div><div class=\"pricing-table-wrap\"><ul class='pricing-table '><li class='avia-heading-row'><div class='first-table-item'>montags, 17.45 Uhr und18.55 Uhr 55-60 min<\/div><span class='pricing-extra'><\/span><\/li><li class=''>05.06.2023       12.06.2023       19.06.2023       26.06.2023<br \/>\n03.07.2023       10.07.2023       17.07.2023       24.07.2023<\/li><li class=''>(mit Thomas H\u00e4usler, Sophie Drittler) Pr\u00e4senztraining<\/li><\/ul><\/div><div class=\"pricing-table-wrap\"><ul class='pricing-table '><li class='avia-heading-row'><div class='first-table-item'>dienstags, 18.00 Uhr, 55-60 min<\/div><span class='pricing-extra'><\/span><\/li><li class=''>06.06.2023       13.06.2023       20.06.2023       27.06.2023<br \/>\n04.07.2023       11.07.2023       18.07.2023       25.07.2023<\/li><li class=''>(mit Heike Priese-Schwarz) Pr\u00e4senztraining<\/li><\/ul><\/div><\/div><\/div>\n<br \/>\n<\/div><\/div><\/div><!-- close content main div --><\/div><\/div>\n<style type=\"text\/css\" data-created_by=\"avia_inline_auto\" id=\"style-css-av-liuovuet-5c3b5809280d32e2935c22e6dcb6d90a\">\n.avia-section.av-liuovuet-5c3b5809280d32e2935c22e6dcb6d90a{\nbackground-color:#ebd7cc;\nbackground-image:unset;\n}\n<\/style>\n<div id='av_section_8'  class='avia-section av-liuovuet-5c3b5809280d32e2935c22e6dcb6d90a main_color avia-section-default avia-no-border-styling avia-bg-style-scroll container_wrap fullsize'  ><div class='container av-section-cont-open' ><div class='template-page content  av-content-full alpha units'><div class='post-entry post-entry-type-page post-entry-589'><div class='entry-content-wrapper clearfix'>\n\n<style type=\"text\/css\" data-created_by=\"avia_inline_auto\" id=\"style-css-av-liuorva8-657f973a57584ff089c1bfef09309b03\">\n.avia-image-container.av-liuorva8-657f973a57584ff089c1bfef09309b03 img.avia_image{\nbox-shadow:none;\n}\n.avia-image-container.av-liuorva8-657f973a57584ff089c1bfef09309b03 .av-image-caption-overlay-center{\ncolor:#ffffff;\n}\n<\/style>\n<div  class='avia-image-container av-liuorva8-657f973a57584ff089c1bfef09309b03 av-styling- avia-align-left'   itemprop=\"image\" itemscope=\"itemscope\" itemtype=\"https:\/\/schema.org\/ImageObject\" ><div class=\"avia-image-container-inner\"><div class=\"avia-image-overlay-wrap\"><img decoding=\"async\" class='wp-image-195 avia-img-lazy-loading-not-195 avia_image ' src=\"https:\/\/www.physiotherapie-weissensee.de\/wp-content\/uploads\/2023\/06\/30jahre_phy.jpg\" alt='' title='30jahre_phy'  height=\"229\" width=\"1102\"  itemprop=\"thumbnailUrl\" srcset=\"https:\/\/www.physiotherapie-weissensee.de\/wp-content\/uploads\/2023\/06\/30jahre_phy.jpg 1102w, https:\/\/www.physiotherapie-weissensee.de\/wp-content\/uploads\/2023\/06\/30jahre_phy-300x62.jpg 300w, https:\/\/www.physiotherapie-weissensee.de\/wp-content\/uploads\/2023\/06\/30jahre_phy-1030x214.jpg 1030w, https:\/\/www.physiotherapie-weissensee.de\/wp-content\/uploads\/2023\/06\/30jahre_phy-768x160.jpg 768w, https:\/\/www.physiotherapie-weissensee.de\/wp-content\/uploads\/2023\/06\/30jahre_phy-705x147.jpg 705w\" sizes=\"(max-width: 1102px) 100vw, 1102px\" \/><\/div><\/div><\/div>\n<\/p>\n","protected":false},"excerpt":{"rendered":"","protected":false},"author":1,"featured_media":0,"parent":0,"menu_order":50,"comment_status":"closed","ping_status":"closed","template":"","meta":{"footnotes":""},"class_list":["post-589","page","type-page","status-publish","hentry"],"_links":{"self":[{"href":"https:\/\/www.physiotherapie-weissensee.de\/index.php?rest_route=\/wp\/v2\/pages\/589","targetHints":{"allow":["GET"]}}],"collection":[{"href":"https:\/\/www.physiotherapie-weissensee.de\/index.php?rest_route=\/wp\/v2\/pages"}],"about":[{"href":"https:\/\/www.physiotherapie-weissensee.de\/index.php?rest_route=\/wp\/v2\/types\/page"}],"author":[{"embeddable":true,"href":"https:\/\/www.physiotherapie-weissensee.de\/index.php?rest_route=\/wp\/v2\/users\/1"}],"replies":[{"embeddable":true,"href":"https:\/\/www.physiotherapie-weissensee.de\/index.php?rest_route=%2Fwp%2Fv2%2Fcomments&post=589"}],"version-history":[{"count":2,"href":"https:\/\/www.physiotherapie-weissensee.de\/index.php?rest_route=\/wp\/v2\/pages\/589\/revisions"}],"predecessor-version":[{"id":848,"href":"https:\/\/www.physiotherapie-weissensee.de\/index.php?rest_route=\/wp\/v2\/pages\/589\/revisions\/848"}],"wp:attachment":[{"href":"https:\/\/www.physiotherapie-weissensee.de\/index.php?rest_route=%2Fwp%2Fv2%2Fmedia&parent=589"}],"curies":[{"name":"wp","href":"https:\/\/api.w.org\/{rel}","templated":true}]}}